{"id":949,"date":"2017-04-06T12:10:22","date_gmt":"2017-04-06T10:10:22","guid":{"rendered":"http:\/\/www.caminsvius.com\/?page_id=949\/"},"modified":"2017-05-04T17:34:46","modified_gmt":"2017-05-04T15:34:46","slug":"puertos","status":"publish","type":"page","link":"https:\/\/www.caminsvius.com\/es\/puertos\/","title":{"rendered":"Puertos"},"content":{"rendered":"<p>[et_pb_section bb_built=\u00bb1&#8243; admin_label=\u00bbsection\u00bb transparent_background=\u00bboff\u00bb allow_player_pause=\u00bboff\u00bb inner_shadow=\u00bboff\u00bb parallax=\u00bboff\u00bb parallax_method=\u00bbon\u00bb make_fullwidth=\u00bboff\u00bb use_custom_width=\u00bboff\u00bb width_unit=\u00bboff\u00bb make_equal=\u00bboff\u00bb use_custom_gutter=\u00bboff\u00bb fullwidth=\u00bbon\u00bb specialty=\u00bboff\u00bb disabled=\u00bboff\u00bb][et_pb_fullwidth_slider admin_label=\u00bbFullwidth Slider\u00bb show_arrows=\u00bboff\u00bb show_pagination=\u00bboff\u00bb auto=\u00bboff\u00bb auto_speed=\u00bb7000&#8243; auto_ignore_hover=\u00bboff\u00bb parallax=\u00bbon\u00bb parallax_method=\u00bboff\u00bb remove_inner_shadow=\u00bboff\u00bb background_position=\u00bbdefault\u00bb background_size=\u00bbdefault\u00bb hide_content_on_mobile=\u00bboff\u00bb hide_cta_on_mobile=\u00bboff\u00bb show_image_video_mobile=\u00bboff\u00bb custom_button=\u00bboff\u00bb button_letter_spacing=\u00bb0&#8243; button_use_icon=\u00bbdefault\u00bb button_icon_placement=\u00bbright\u00bb button_on_hover=\u00bbon\u00bb button_letter_spacing_hover=\u00bb0&#8243; disabled=\u00bboff\u00bb] [et_pb_slide heading=\u00bbLos puertos\u00bb button_link=\u00bb#\u00bb background_image=\u00bbhttp:\/\/www.caminsvius.com\/wp-content\/uploads\/2017\/04\/puerto-vielha_ps.jpg\u00bb background_position=\u00bbcenter\u00bb background_size=\u00bbdefault\u00bb background_color=\u00bb#444444&#8243; use_bg_overlay=\u00bboff\u00bb use_text_overlay=\u00bboff\u00bb alignment=\u00bbcenter\u00bb background_layout=\u00bbdark\u00bb allow_player_pause=\u00bboff\u00bb text_border_radius=\u00bb3&#8243; header_font=\u00bb|on|||\u00bb header_font_size=\u00bb55&#8243; header_font_size_tablet=\u00bb55&#8243; header_font_size_phone=\u00bb55&#8243; body_font=\u00bb||||\u00bb custom_button=\u00bboff\u00bb button_font=\u00bb||||\u00bb button_use_icon=\u00bbdefault\u00bb button_icon_placement=\u00bbright\u00bb button_on_hover=\u00bbon\u00bb disabled=\u00bboff\u00bb header_font_select=\u00bbdefault\u00bb body_font_select=\u00bbdefault\u00bb button_font_select=\u00bbdefault\u00bb \/] [\/et_pb_fullwidth_slider][\/et_pb_section][et_pb_section bb_built=\u00bb1&#8243; admin_label=\u00bbSecci\u00f3n\u00bb fullwidth=\u00bboff\u00bb specialty=\u00bboff\u00bb transparent_background=\u00bboff\u00bb allow_player_pause=\u00bboff\u00bb inner_shadow=\u00bboff\u00bb parallax=\u00bboff\u00bb parallax_method=\u00bboff\u00bb make_fullwidth=\u00bboff\u00bb use_custom_width=\u00bboff\u00bb width_unit=\u00bbon\u00bb make_equal=\u00bboff\u00bb use_custom_gutter=\u00bboff\u00bb][et_pb_row admin_label=\u00bbFila\u00bb make_fullwidth=\u00bboff\u00bb use_custom_width=\u00bbon\u00bb width_unit=\u00bboff\u00bb custom_width_percent=\u00bb70%\u00bb use_custom_gutter=\u00bboff\u00bb allow_player_pause=\u00bboff\u00bb parallax=\u00bboff\u00bb parallax_method=\u00bboff\u00bb make_equal=\u00bboff\u00bb parallax_1=\u00bboff\u00bb parallax_method_1=\u00bboff\u00bb][et_pb_column type=\u00bb4_4&#8243;][et_pb_text admin_label=\u00bbTexto\u00bb background_layout=\u00bblight\u00bb text_orientation=\u00bbcenter\u00bb use_border_color=\u00bboff\u00bb border_color=\u00bb#ffffff\u00bb border_style=\u00bbsolid\u00bb text_font_size=\u00bb16&#8243; text_line_height=\u00bb1.8&#8243; header_font_size=\u00bb30&#8243; header_text_color=\u00bb#27323e\u00bb header_letter_spacing=\u00bb0&#8243; header_line_height=\u00bb1&#8243; text_text_color=\u00bb#27323e\u00bb text_letter_spacing=\u00bb0&#8243; border_width=\u00bb1&#8243;]<\/p>\n<p>Los puertos de monta\u00f1a son el alma de Camins Vius, el recuerdo m\u00e1s latente de aquellas historias de caballer\u00edas, de mercaderes, de m\u00fasicos, etc. que tomaban los caminos de herradura, sin otra opci\u00f3n viable, para cruzar de un valle a otro del Pirineo. Historias de saqueos de mercanc\u00edas y de pastos; robos de animales cargados de vino de Arag\u00f3n y de especies; secuestros macabros con suculentos rescates que pod\u00edan acabar con bandoleros y ladrones practicando el asesinato m\u00e1s cruel.<\/p>\n<p>Camins Vius atraviesa 10 puertos de monta\u00f1a que conectan los Valles: Coll de Saburo de 2680m, Puerto de Rus de 2600m, Collada de Basco de 1980m, Puerto de Vielha de 2440m, Paso del Coro de 1946m, Coll de la Cruz del Eixol de 2220m, Puerto de Gelada de 2060m, Puerto de la Bonaigua de 2060m, Coll de Fogueruix de 2080m y Coll del Triador de 2160m.<\/p>\n<p>[\/et_pb_text][\/et_pb_column][\/et_pb_row][et_pb_row admin_label=\u00bbFila\u00bb make_fullwidth=\u00bboff\u00bb use_custom_width=\u00bbon\u00bb width_unit=\u00bboff\u00bb custom_width_percent=\u00bb50%\u00bb use_custom_gutter=\u00bboff\u00bb allow_player_pause=\u00bboff\u00bb parallax=\u00bboff\u00bb parallax_method=\u00bboff\u00bb make_equal=\u00bboff\u00bb parallax_1=\u00bboff\u00bb parallax_method_1=\u00bboff\u00bb][et_pb_column type=\u00bb4_4&#8243;][et_pb_divider admin_label=\u00bbDivider\u00bb color=\u00bb#ffffff\u00bb show_divider=\u00bboff\u00bb height=\u00bb20&#8243; divider_style=\u00bbsolid\u00bb divider_position=\u00bbtop\u00bb hide_on_mobile=\u00bbon\u00bb \/][et_pb_blurb admin_label=\u00bbBlurb\u00bb url_new_window=\u00bboff\u00bb use_icon=\u00bbon\u00bb font_icon=\u00bb%%147%%\u00bb icon_color=\u00bb#27323e\u00bb use_circle=\u00bboff\u00bb circle_color=\u00bb#2db54e\u00bb use_circle_border=\u00bboff\u00bb circle_border_color=\u00bb#2db54e\u00bb icon_placement=\u00bbtop\u00bb animation=\u00bboff\u00bb background_layout=\u00bblight\u00bb text_orientation=\u00bbcenter\u00bb use_icon_font_size=\u00bbon\u00bb header_text_color=\u00bb#27323e\u00bb body_text_color=\u00bb#27323e\u00bb use_border_color=\u00bboff\u00bb border_color=\u00bb#ffffff\u00bb border_style=\u00bbsolid\u00bb header_font_size=\u00bb30&#8243; body_font_size=\u00bb25&#8243; icon_font_size=\u00bb100&#8243; title=\u00bbHagamos memoria&#8230;\u00bb header_font=\u00bb|on|||\u00bb header_letter_spacing=\u00bb0&#8243; header_line_height=\u00bb1&#8243; body_letter_spacing=\u00bb0&#8243; body_line_height=\u00bb1.7&#8243; border_width=\u00bb1&#8243; \/][et_pb_divider admin_label=\u00bbDivider\u00bb color=\u00bb#ffffff\u00bb show_divider=\u00bboff\u00bb height=\u00bb50&#8243; divider_style=\u00bbsolid\u00bb divider_position=\u00bbtop\u00bb hide_on_mobile=\u00bbon\u00bb \/][et_pb_cta admin_label=\u00bbCall To Action\u00bb title=\u00bbPuerto de la Bonaigua\u00bb url_new_window=\u00bboff\u00bb use_background_color=\u00bboff\u00bb background_color=\u00bb#ededed\u00bb background_layout=\u00bblight\u00bb text_orientation=\u00bbcenter\u00bb use_border_color=\u00bboff\u00bb border_color=\u00bb#ffffff\u00bb border_style=\u00bbsolid\u00bb custom_button=\u00bboff\u00bb button_letter_spacing=\u00bb0&#8243; button_use_icon=\u00bbdefault\u00bb button_icon_placement=\u00bbright\u00bb button_on_hover=\u00bbon\u00bb button_letter_spacing_hover=\u00bb0&#8243; header_font_size=\u00bb20&#8243; header_text_color=\u00bb#27323e\u00bb header_letter_spacing=\u00bb0&#8243; header_line_height=\u00bb1&#8243; body_text_color=\u00bb#27323e\u00bb body_letter_spacing=\u00bb0&#8243; body_line_height=\u00bb1.7&#8243; border_width=\u00bb1&#8243;]<\/p>\n<p>En 1929, Josep Puig i Cadafalch subvencion\u00f3 una excursi\u00f3n a la Val d&#8217;Aran, de la mano de los expedicionarios del CEC Llu\u00eds Estasen, Josep M. Soler y Pablo Badia, para dar a conocer las ventajas del esqu\u00ed en las gentes de aquellos pueblos aislados.<\/p>\n<p>En julio de 1924 el rey Alfonso XIII inaugur\u00f3 la carretera de la Bonaigua entre festejos de aquellos que ve\u00edan la oportunidad empresarial de aprovechar la infraestructura como negocio. Por primera vez, exist\u00eda una puerta abierta de comunicaci\u00f3n entre las dos comarcas.<\/p>\n<p>[\/et_pb_cta][\/et_pb_column][\/et_pb_row][et_pb_row admin_label=\u00bbRow\u00bb][et_pb_column type=\u00bb2_3&#8243;][et_pb_image admin_label=\u00bbImage\u00bb src=\u00bbhttp:\/\/www.caminsvius.com\/wp-content\/uploads\/2017\/03\/Bonaigua-2.jpg\u00bb alt=\u00bbPort de la Bonaigua \u00bb show_in_lightbox=\u00bboff\u00bb url_new_window=\u00bboff\u00bb use_overlay=\u00bboff\u00bb animation=\u00bboff\u00bb sticky=\u00bboff\u00bb align=\u00bbleft\u00bb force_fullwidth=\u00bboff\u00bb always_center_on_mobile=\u00bbon\u00bb use_border_color=\u00bboff\u00bb border_color=\u00bb#ffffff\u00bb border_style=\u00bbsolid\u00bb \/][et_pb_text admin_label=\u00bbText\u00bb background_layout=\u00bblight\u00bb text_orientation=\u00bbleft\u00bb text_font_size=\u00bb12&#8243; use_border_color=\u00bboff\u00bb border_color=\u00bb#ffffff\u00bb border_style=\u00bbsolid\u00bb]<\/p>\n<p>Fotograf\u00eda de M. Sol\u00e9. Archivo Fotogr\u00e1fico del Servicio de Audiovisuales (IEI)<\/p>\n<p>[\/et_pb_text][\/et_pb_column][et_pb_column type=\u00bb1_3&#8243;][et_pb_testimonial admin_label=\u00bbTestimonial\u00bb author=\u00bbLo\u00eds Cort\u00e9s\u00bb company_name=\u00bbCartero de Salard\u00fa\u00bb url_new_window=\u00bboff\u00bb quote_icon=\u00bbon\u00bb use_background_color=\u00bbon\u00bb background_color=\u00bb#f5f5f5&#8243; background_layout=\u00bblight\u00bb text_orientation=\u00bbleft\u00bb use_border_color=\u00bboff\u00bb border_color=\u00bb#ffffff\u00bb border_style=\u00bbsolid\u00bb]<\/p>\n<p>Hac\u00eda tres viajes por semana y los otros d\u00edas los hac\u00eda un compa\u00f1ero, y cuando hac\u00eda mal tiempo pas\u00e1bamos juntos el puerto por precauci\u00f3n. Un d\u00eda un alud lo cogi\u00f3 pero se salv\u00f3 gracias a los ladridos de su perro.<\/p>\n<p>El correo ven\u00eda de Francia y tambi\u00e9n de Espa\u00f1a, pero igualmente todo pasaba por Francia en aquellas \u00e9pocas. Hubo un compromiso entre los dos pa\u00edses para gestionar la correspondencia de la Val d&#8217;Aran desde Francia, hasta que se construy\u00f3 el t\u00fanel de Vielha.<\/p>\n<p>Yo sub\u00eda con raquetas por Tred\u00f2s y de all\u00ed hasta la Bonaigua, donde intercambiaba el correo con el cartero de Esterri y en ocasiones, si alg\u00fan trabajador de FECSA me dejaba los esqu\u00eds, bajaba hasta abajo.<\/p>\n<p>[\/et_pb_testimonial][\/et_pb_column][\/et_pb_row][et_pb_row admin_label=\u00bbRow\u00bb][et_pb_column type=\u00bb1_3&#8243;][et_pb_testimonial admin_label=\u00bbTestimonial\u00bb author=\u00bbVentura Lloan\u00bb company_name=\u00bbCa de Tomeva de Bo\u00ed\u00bb url_new_window=\u00bboff\u00bb quote_icon=\u00bbon\u00bb use_background_color=\u00bbon\u00bb background_color=\u00bb#f5f5f5&#8243; background_layout=\u00bblight\u00bb text_orientation=\u00bbleft\u00bb use_border_color=\u00bboff\u00bb border_color=\u00bb#ffffff\u00bb border_style=\u00bbsolid\u00bb]<\/p>\n<p>En invierno y primavera nos reun\u00edamos un grupo de 5 o 6 hombres, con ganas de caminar y de ganarnos un sobresueldo, y cada mes hab\u00edamos llegado a hacer 2 o 3 viajes hasta Andorra. Una de las rutas que utiliz\u00e1bamos m\u00e1s pasaba por Irgo, Malp\u00e0s, Senterada, Montcort\u00e9s, Baro, Tornafort, puerto de la Esquina, bordas de Arcos y Andorra. Otras veces, seg\u00fan por donde soplaba el viento, pas\u00e1bamos el Portarr\u00f3 hacia Espot y de all\u00ed hacia la monta\u00f1a de Alins. Con temperaturas muy bajas y por caminos llenos de nieve, carg\u00e1bamos sacos de hasta 40kg de lana de oveja y enfil\u00e1bamos a buena marcha, atravesando pasos de monta\u00f1a y riberas, hacia Andorra, para venderla a buen precio. Recuerdo un camino antes de cruzar la Noguera Pallaresa, por debajo de T\u00edrvia, los civiles nos tirotearon, creo que para asustarnos, pero nos dispersamos y horas despu\u00e9s nos encontramos todos en Espot, a salvo.<\/p>\n<p>[\/et_pb_testimonial][\/et_pb_column][et_pb_column type=\u00bb2_3&#8243;][et_pb_image admin_label=\u00bbImage\u00bb src=\u00bbhttp:\/\/www.caminsvius.com\/wp-content\/uploads\/2017\/03\/Bonaigua-1.jpg\u00bb alt=\u00bbPort de la Bonaigua \u00bb show_in_lightbox=\u00bboff\u00bb url_new_window=\u00bboff\u00bb use_overlay=\u00bboff\u00bb animation=\u00bboff\u00bb sticky=\u00bboff\u00bb align=\u00bbleft\u00bb force_fullwidth=\u00bboff\u00bb always_center_on_mobile=\u00bbon\u00bb use_border_color=\u00bboff\u00bb border_color=\u00bb#ffffff\u00bb border_style=\u00bbsolid\u00bb \/][et_pb_text admin_label=\u00bbText\u00bb background_layout=\u00bblight\u00bb text_orientation=\u00bbleft\u00bb text_font_size=\u00bb12&#8243; use_border_color=\u00bboff\u00bb border_color=\u00bb#ffffff\u00bb border_style=\u00bbsolid\u00bb]<\/p>\n<p>Fotograf\u00eda de M. Sol\u00e9. Archivo Fotogr\u00e1fico del Servicio de Audiovisuales (IEI)<\/p>\n<p>[\/et_pb_text][\/et_pb_column][\/et_pb_row][et_pb_row admin_label=\u00bbFila\u00bb make_fullwidth=\u00bboff\u00bb use_custom_width=\u00bbon\u00bb width_unit=\u00bboff\u00bb custom_width_percent=\u00bb50%\u00bb use_custom_gutter=\u00bboff\u00bb allow_player_pause=\u00bboff\u00bb parallax=\u00bboff\u00bb parallax_method=\u00bboff\u00bb make_equal=\u00bboff\u00bb parallax_1=\u00bboff\u00bb parallax_method_1=\u00bboff\u00bb][et_pb_column type=\u00bb4_4&#8243;][et_pb_divider admin_label=\u00bbDivider\u00bb color=\u00bb#ffffff\u00bb show_divider=\u00bboff\u00bb height=\u00bb20&#8243; divider_style=\u00bbsolid\u00bb divider_position=\u00bbtop\u00bb hide_on_mobile=\u00bbon\u00bb \/][\/et_pb_column][\/et_pb_row][et_pb_row admin_label=\u00bbRow\u00bb make_fullwidth=\u00bboff\u00bb use_custom_width=\u00bbon\u00bb width_unit=\u00bboff\u00bb custom_width_percent=\u00bb50%\u00bb use_custom_gutter=\u00bboff\u00bb allow_player_pause=\u00bboff\u00bb parallax=\u00bboff\u00bb parallax_method=\u00bboff\u00bb make_equal=\u00bboff\u00bb parallax_1=\u00bboff\u00bb parallax_method_1=\u00bboff\u00bb][et_pb_column type=\u00bb4_4&#8243;][et_pb_cta admin_label=\u00bbCall To Action\u00bb title=\u00bbPuerto de Vielha\u00bb url_new_window=\u00bboff\u00bb use_background_color=\u00bboff\u00bb background_color=\u00bb#ededed\u00bb background_layout=\u00bblight\u00bb text_orientation=\u00bbcenter\u00bb use_border_color=\u00bboff\u00bb border_color=\u00bb#ffffff\u00bb border_style=\u00bbsolid\u00bb custom_button=\u00bboff\u00bb button_letter_spacing=\u00bb0&#8243; button_use_icon=\u00bbdefault\u00bb button_icon_placement=\u00bbright\u00bb button_on_hover=\u00bbon\u00bb button_letter_spacing_hover=\u00bb0&#8243; header_font_size=\u00bb20&#8243; header_text_color=\u00bb#27323e\u00bb header_letter_spacing=\u00bb0&#8243; header_line_height=\u00bb1&#8243; body_text_color=\u00bb#27323e\u00bb body_letter_spacing=\u00bb0&#8243; body_line_height=\u00bb1.7&#8243; border_width=\u00bb1&#8243;]<\/p>\n<p>Este puerto pone en comunicaci\u00f3n el Valle de Aran con la comarca Ribagorzana, y, dada su situaci\u00f3n intermedia entre el Pallars y el puerto de la Picada (Benasque), puntos de m\u00e1s tr\u00e1fico, resulta no ser tan frecuentado como este. Su pasaje es impracticable durante m\u00e1s de medio a\u00f1o para las caballer\u00edas y muy dif\u00edcil para los peatones, porque si bien el trayecto es relativamente m\u00e1s corto que los otros puertos de los Pirineos, por su considerable altura en relaci\u00f3n a los puntos de acceso y sus r\u00e1pidas vertientes, en especial las del lado del Valle con su exposici\u00f3n Ubago, hace que se encuentren cubiertas de nieve helada durante mucho tiempo. Adem\u00e1s, por su gran proximidad a las Monta\u00f1as Malditas, las tormentas de nieve y ventisca son terribles. Pocos son los inviernos que no haya all\u00ed v\u00edctimas con viajeros imprudentes. &#8211; Val d&#8217;Aran. Soler i Santal\u00f3, Juli.<\/p>\n<p>[\/et_pb_cta][\/et_pb_column][\/et_pb_row][et_pb_row admin_label=\u00bbRow\u00bb][et_pb_column type=\u00bb2_3&#8243;][et_pb_image admin_label=\u00bbImage\u00bb src=\u00bbhttp:\/\/www.caminsvius.com\/wp-content\/uploads\/2017\/03\/civiles-y-soldados.jpg\u00bb alt=\u00bbEspitau de Vielha\u00bb show_in_lightbox=\u00bboff\u00bb url_new_window=\u00bboff\u00bb use_overlay=\u00bboff\u00bb animation=\u00bboff\u00bb sticky=\u00bboff\u00bb align=\u00bbleft\u00bb force_fullwidth=\u00bboff\u00bb always_center_on_mobile=\u00bbon\u00bb use_border_color=\u00bboff\u00bb border_color=\u00bb#ffffff\u00bb border_style=\u00bbsolid\u00bb title_text=\u00bbEspitau de Vielha\u00bb \/][et_pb_text admin_label=\u00bbText\u00bb background_layout=\u00bblight\u00bb text_orientation=\u00bbleft\u00bb text_font_size=\u00bb12&#8243; use_border_color=\u00bboff\u00bb border_color=\u00bb#ffffff\u00bb border_style=\u00bbsolid\u00bb]<\/p>\n<p>Civiles y soldados republicanos cruzando los Pirineos. (Fotograf\u00eda cedida por la Fundaci\u00f3n Hospital de Benasque)<\/p>\n<p>[\/et_pb_text][\/et_pb_column][et_pb_column type=\u00bb1_3&#8243;][et_pb_testimonial admin_label=\u00bbTestimonial\u00bb author=\u00bbBenvingut Mons\u00f3\u00bb url_new_window=\u00bboff\u00bb quote_icon=\u00bbon\u00bb use_background_color=\u00bbon\u00bb background_color=\u00bb#f5f5f5&#8243; background_layout=\u00bblight\u00bb text_orientation=\u00bbleft\u00bb use_border_color=\u00bboff\u00bb border_color=\u00bb#ffffff\u00bb border_style=\u00bbsolid\u00bb company_name=\u00bbLes Cabanasses\u00bb]<\/p>\n<p>Cuando yo era joven ya ven\u00eda gente a Aig\u00fcestortes, pero no como ahora. \u00a1Ha cambiado tant\u00edsimo todo! La gente antes iba m\u00e1s a Caldes, a tomar los ba\u00f1os. Llegaban por el puerto de Rus, desde Cabdella; piensa que en los a\u00f1os treinta, la carretera de la Pobla en el puente llegaba s\u00f3lo a la Cruz de Perves, era m\u00e1s c\u00f3modo venir por Rus que el puente.<\/p>\n<p>[\/et_pb_testimonial][\/et_pb_column][\/et_pb_row][et_pb_row admin_label=\u00bbRow\u00bb][et_pb_column type=\u00bb1_3&#8243;][et_pb_testimonial admin_label=\u00bbTestimonial\u00bb author=\u00bbJuli Soler i Santal\u00f3\u00bb url_new_window=\u00bboff\u00bb quote_icon=\u00bbon\u00bb use_background_color=\u00bbon\u00bb background_color=\u00bb#f5f5f5&#8243; background_layout=\u00bblight\u00bb text_orientation=\u00bbleft\u00bb use_border_color=\u00bboff\u00bb border_color=\u00bb#ffffff\u00bb border_style=\u00bbsolid\u00bb company_name=\u00bbExcursionista catal\u00e1n notable de finales del siglo XIX\u00bb]<\/p>\n<p>Era un 16 de noviembre de 1902, \u00a1hace ciento siete a\u00f1os! Una pareja de reci\u00e9n casados de la Vall de Bo\u00ed marchaba por Francia. La fuerte nevada los detiene en el Hospital. Tres d\u00edas despu\u00e9s, el 19, con un tiempo incierto, intentan atravesar el puerto. Seis meses despu\u00e9s encuentran sus cuerpos helados, pero perfectamente conservados en las \u00faltimas nieves de una larga primavera.<\/p>\n<p>[\/et_pb_testimonial][\/et_pb_column][et_pb_column type=\u00bb2_3&#8243;][et_pb_image admin_label=\u00bbImage\u00bb src=\u00bbhttp:\/\/www.caminsvius.com\/wp-content\/uploads\/2017\/03\/hospital-vielha.jpg\u00bb alt=\u00bbEspitau de Vielha\u00bb show_in_lightbox=\u00bboff\u00bb url_new_window=\u00bboff\u00bb use_overlay=\u00bboff\u00bb animation=\u00bboff\u00bb sticky=\u00bboff\u00bb align=\u00bbleft\u00bb force_fullwidth=\u00bboff\u00bb always_center_on_mobile=\u00bbon\u00bb use_border_color=\u00bboff\u00bb border_color=\u00bb#ffffff\u00bb border_style=\u00bbsolid\u00bb title_text=\u00bbEspitau de Vielha\u00bb \/][et_pb_text admin_label=\u00bbText\u00bb background_layout=\u00bblight\u00bb text_orientation=\u00bbleft\u00bb text_font_size=\u00bb12&#8243; use_border_color=\u00bboff\u00bb border_color=\u00bb#ffffff\u00bb border_style=\u00bbsolid\u00bb]<\/p>\n<p>Hospital de Vielha i la Capella cap al 1930. Fotograf desconegut. Ecomuseu d&#8217;Esterri d&#8217;\u00c0neu. (Fotograf\u00eda cedida per la Fundaci\u00f3 Hospital de Benasque)<\/p>\n<p>[\/et_pb_text][\/et_pb_column][\/et_pb_row][\/et_pb_section]<\/p>\n","protected":false},"excerpt":{"rendered":"<p>[et_pb_section bb_built=\u00bb1&#8243; admin_label=\u00bbsection\u00bb transparent_background=\u00bboff\u00bb allow_player_pause=\u00bboff\u00bb inner_shadow=\u00bboff\u00bb parallax=\u00bboff\u00bb parallax_method=\u00bbon\u00bb make_fullwidth=\u00bboff\u00bb use_custom_width=\u00bboff\u00bb width_unit=\u00bboff\u00bb make_equal=\u00bboff\u00bb use_custom_gutter=\u00bboff\u00bb fullwidth=\u00bbon\u00bb specialty=\u00bboff\u00bb disabled=\u00bboff\u00bb][et_pb_fullwidth_slider admin_label=\u00bbFullwidth Slider\u00bb show_arrows=\u00bboff\u00bb show_pagination=\u00bboff\u00bb auto=\u00bboff\u00bb auto_speed=\u00bb7000&#8243; auto_ignore_hover=\u00bboff\u00bb parallax=\u00bbon\u00bb parallax_method=\u00bboff\u00bb remove_inner_shadow=\u00bboff\u00bb background_position=\u00bbdefault\u00bb background_size=\u00bbdefault\u00bb hide_content_on_mobile=\u00bboff\u00bb hide_cta_on_mobile=\u00bboff\u00bb show_image_video_mobile=\u00bboff\u00bb custom_button=\u00bboff\u00bb button_letter_spacing=\u00bb0&#8243; button_use_icon=\u00bbdefault\u00bb button_icon_placement=\u00bbright\u00bb button_on_hover=\u00bbon\u00bb button_letter_spacing_hover=\u00bb0&#8243; disabled=\u00bboff\u00bb] [et_pb_slide heading=\u00bbLos puertos\u00bb button_link=\u00bb#\u00bb background_image=\u00bbhttp:\/\/www.caminsvius.com\/wp-content\/uploads\/2017\/04\/puerto-vielha_ps.jpg\u00bb background_position=\u00bbcenter\u00bb background_size=\u00bbdefault\u00bb background_color=\u00bb#444444&#8243; use_bg_overlay=\u00bboff\u00bb use_text_overlay=\u00bboff\u00bb alignment=\u00bbcenter\u00bb background_layout=\u00bbdark\u00bb allow_player_pause=\u00bboff\u00bb text_border_radius=\u00bb3&#8243; header_font=\u00bb|on|||\u00bb header_font_size=\u00bb55&#8243; header_font_size_tablet=\u00bb55&#8243; [&hellip;]<\/p>\n","protected":false},"author":4,"featured_media":0,"parent":0,"menu_order":0,"comment_status":"closed","ping_status":"closed","template":"","meta":{"_et_pb_use_builder":"on","_et_pb_old_content":"","_et_gb_content_width":"","footnotes":""},"class_list":["post-949","page","type-page","status-publish","hentry"],"yoast_head":"<!-- This site is optimized with the Yoast SEO plugin v23.9 - https:\/\/yoast.com\/wordpress\/plugins\/seo\/ -->\n<title>Camins Vius | Conoce las historias de los puertos de monta\u00f1a<\/title>\n<meta name=\"description\" content=\"Historias de caballer\u00edas, de mercaderes, de m\u00fasicos, que toman los caminos de herradura de los puertos para cruzar de un valle a otro del Pirineo.\" \/>\n<meta name=\"robots\" content=\"index, follow, max-snippet:-1, max-image-preview:large, max-video-preview:-1\" \/>\n<link rel=\"canonical\" href=\"https:\/\/www.caminsvius.com\/es\/puertos\/\" \/>\n<meta property=\"og:locale\" content=\"es_ES\" \/>\n<meta property=\"og:type\" content=\"article\" \/>\n<meta property=\"og:title\" content=\"Camins Vius | Conoce las historias de los puertos de monta\u00f1a\" \/>\n<meta property=\"og:description\" content=\"Historias de caballer\u00edas, de mercaderes, de m\u00fasicos, que toman los caminos de herradura de los puertos para cruzar de un valle a otro del Pirineo.\" \/>\n<meta property=\"og:url\" content=\"https:\/\/www.caminsvius.com\/es\/puertos\/\" \/>\n<meta property=\"og:site_name\" content=\"Camins Vius\" \/>\n<meta property=\"article:modified_time\" content=\"2017-05-04T15:34:46+00:00\" \/>\n<meta name=\"twitter:card\" content=\"summary_large_image\" \/>\n<meta name=\"twitter:label1\" content=\"Tiempo de lectura\" \/>\n\t<meta name=\"twitter:data1\" content=\"12 minutos\" \/>\n<script type=\"application\/ld+json\" class=\"yoast-schema-graph\">{\"@context\":\"https:\/\/schema.org\",\"@graph\":[{\"@type\":\"WebPage\",\"@id\":\"https:\/\/www.caminsvius.com\/es\/puertos\/\",\"url\":\"https:\/\/www.caminsvius.com\/es\/puertos\/\",\"name\":\"Camins Vius | Conoce las historias de los puertos de monta\u00f1a\",\"isPartOf\":{\"@id\":\"https:\/\/www.caminsvius.com\/#website\"},\"datePublished\":\"2017-04-06T10:10:22+00:00\",\"dateModified\":\"2017-05-04T15:34:46+00:00\",\"description\":\"Historias de caballer\u00edas, de mercaderes, de m\u00fasicos, que toman los caminos de herradura de los puertos para cruzar de un valle a otro del Pirineo.\",\"breadcrumb\":{\"@id\":\"https:\/\/www.caminsvius.com\/es\/puertos\/#breadcrumb\"},\"inLanguage\":\"es\",\"potentialAction\":[{\"@type\":\"ReadAction\",\"target\":[\"https:\/\/www.caminsvius.com\/es\/puertos\/\"]}]},{\"@type\":\"BreadcrumbList\",\"@id\":\"https:\/\/www.caminsvius.com\/es\/puertos\/#breadcrumb\",\"itemListElement\":[{\"@type\":\"ListItem\",\"position\":1,\"name\":\"Portada\",\"item\":\"https:\/\/www.caminsvius.com\/es\/\"},{\"@type\":\"ListItem\",\"position\":2,\"name\":\"Puertos\"}]},{\"@type\":\"WebSite\",\"@id\":\"https:\/\/www.caminsvius.com\/#website\",\"url\":\"https:\/\/www.caminsvius.com\/\",\"name\":\"Camins Vius\",\"description\":\"Camins Vius\",\"publisher\":{\"@id\":\"https:\/\/www.caminsvius.com\/#organization\"},\"potentialAction\":[{\"@type\":\"SearchAction\",\"target\":{\"@type\":\"EntryPoint\",\"urlTemplate\":\"https:\/\/www.caminsvius.com\/?s={search_term_string}\"},\"query-input\":{\"@type\":\"PropertyValueSpecification\",\"valueRequired\":true,\"valueName\":\"search_term_string\"}}],\"inLanguage\":\"es\"},{\"@type\":\"Organization\",\"@id\":\"https:\/\/www.caminsvius.com\/#organization\",\"name\":\"Camins Vius\",\"url\":\"https:\/\/www.caminsvius.com\/\",\"logo\":{\"@type\":\"ImageObject\",\"inLanguage\":\"es\",\"@id\":\"https:\/\/www.caminsvius.com\/#\/schema\/logo\/image\/\",\"url\":\"https:\/\/www.caminsvius.com\/wp-content\/uploads\/2016\/12\/logo_caminsvius.png\",\"contentUrl\":\"https:\/\/www.caminsvius.com\/wp-content\/uploads\/2016\/12\/logo_caminsvius.png\",\"width\":659,\"height\":410,\"caption\":\"Camins Vius\"},\"image\":{\"@id\":\"https:\/\/www.caminsvius.com\/#\/schema\/logo\/image\/\"}}]}<\/script>\n<!-- \/ Yoast SEO plugin. -->","yoast_head_json":{"title":"Camins Vius | Conoce las historias de los puertos de monta\u00f1a","description":"Historias de caballer\u00edas, de mercaderes, de m\u00fasicos, que toman los caminos de herradura de los puertos para cruzar de un valle a otro del Pirineo.","robots":{"index":"index","follow":"follow","max-snippet":"max-snippet:-1","max-image-preview":"max-image-preview:large","max-video-preview":"max-video-preview:-1"},"canonical":"https:\/\/www.caminsvius.com\/es\/puertos\/","og_locale":"es_ES","og_type":"article","og_title":"Camins Vius | Conoce las historias de los puertos de monta\u00f1a","og_description":"Historias de caballer\u00edas, de mercaderes, de m\u00fasicos, que toman los caminos de herradura de los puertos para cruzar de un valle a otro del Pirineo.","og_url":"https:\/\/www.caminsvius.com\/es\/puertos\/","og_site_name":"Camins Vius","article_modified_time":"2017-05-04T15:34:46+00:00","twitter_card":"summary_large_image","twitter_misc":{"Tiempo de lectura":"12 minutos"},"schema":{"@context":"https:\/\/schema.org","@graph":[{"@type":"WebPage","@id":"https:\/\/www.caminsvius.com\/es\/puertos\/","url":"https:\/\/www.caminsvius.com\/es\/puertos\/","name":"Camins Vius | Conoce las historias de los puertos de monta\u00f1a","isPartOf":{"@id":"https:\/\/www.caminsvius.com\/#website"},"datePublished":"2017-04-06T10:10:22+00:00","dateModified":"2017-05-04T15:34:46+00:00","description":"Historias de caballer\u00edas, de mercaderes, de m\u00fasicos, que toman los caminos de herradura de los puertos para cruzar de un valle a otro del Pirineo.","breadcrumb":{"@id":"https:\/\/www.caminsvius.com\/es\/puertos\/#breadcrumb"},"inLanguage":"es","potentialAction":[{"@type":"ReadAction","target":["https:\/\/www.caminsvius.com\/es\/puertos\/"]}]},{"@type":"BreadcrumbList","@id":"https:\/\/www.caminsvius.com\/es\/puertos\/#breadcrumb","itemListElement":[{"@type":"ListItem","position":1,"name":"Portada","item":"https:\/\/www.caminsvius.com\/es\/"},{"@type":"ListItem","position":2,"name":"Puertos"}]},{"@type":"WebSite","@id":"https:\/\/www.caminsvius.com\/#website","url":"https:\/\/www.caminsvius.com\/","name":"Camins Vius","description":"Camins Vius","publisher":{"@id":"https:\/\/www.caminsvius.com\/#organization"},"potentialAction":[{"@type":"SearchAction","target":{"@type":"EntryPoint","urlTemplate":"https:\/\/www.caminsvius.com\/?s={search_term_string}"},"query-input":{"@type":"PropertyValueSpecification","valueRequired":true,"valueName":"search_term_string"}}],"inLanguage":"es"},{"@type":"Organization","@id":"https:\/\/www.caminsvius.com\/#organization","name":"Camins Vius","url":"https:\/\/www.caminsvius.com\/","logo":{"@type":"ImageObject","inLanguage":"es","@id":"https:\/\/www.caminsvius.com\/#\/schema\/logo\/image\/","url":"https:\/\/www.caminsvius.com\/wp-content\/uploads\/2016\/12\/logo_caminsvius.png","contentUrl":"https:\/\/www.caminsvius.com\/wp-content\/uploads\/2016\/12\/logo_caminsvius.png","width":659,"height":410,"caption":"Camins Vius"},"image":{"@id":"https:\/\/www.caminsvius.com\/#\/schema\/logo\/image\/"}}]}},"_links":{"self":[{"href":"https:\/\/www.caminsvius.com\/es\/wp-json\/wp\/v2\/pages\/949","targetHints":{"allow":["GET"]}}],"collection":[{"href":"https:\/\/www.caminsvius.com\/es\/wp-json\/wp\/v2\/pages"}],"about":[{"href":"https:\/\/www.caminsvius.com\/es\/wp-json\/wp\/v2\/types\/page"}],"author":[{"embeddable":true,"href":"https:\/\/www.caminsvius.com\/es\/wp-json\/wp\/v2\/users\/4"}],"replies":[{"embeddable":true,"href":"https:\/\/www.caminsvius.com\/es\/wp-json\/wp\/v2\/comments?post=949"}],"version-history":[{"count":7,"href":"https:\/\/www.caminsvius.com\/es\/wp-json\/wp\/v2\/pages\/949\/revisions"}],"predecessor-version":[{"id":1172,"href":"https:\/\/www.caminsvius.com\/es\/wp-json\/wp\/v2\/pages\/949\/revisions\/1172"}],"wp:attachment":[{"href":"https:\/\/www.caminsvius.com\/es\/wp-json\/wp\/v2\/media?parent=949"}],"curies":[{"name":"wp","href":"https:\/\/api.w.org\/{rel}","templated":true}]}}